{"id":825,"date":"2024-03-06T16:40:05","date_gmt":"2024-03-06T21:40:05","guid":{"rendered":"https:\/\/agenciajantravel.com\/?page_id=825"},"modified":"2024-03-06T16:40:24","modified_gmt":"2024-03-06T21:40:24","slug":"politica-de-tratamiento-de-datos","status":"publish","type":"page","link":"https:\/\/agenciajantravel.com\/en\/politica-de-tratamiento-de-datos\/","title":{"rendered":"POL\u00cdTICA\u00a0 DE TRATAMIENTO DE DATOS"},"content":{"rendered":"<p>En cumplimiento a su deber legal de Tratamiento de Datos Personales e Informaci\u00f3n (en adelante la \u201cJAN TRAVEL SAS\u201d), tiene como objetivo:<\/p>\n\n\n\n<p>\u2022&nbsp;&nbsp;&nbsp;&nbsp;&nbsp;&nbsp;&nbsp; Implementar las disposiciones contenidas en la Ley 1581 de 2012 y en el Decreto 1377 de 2013 en lo que se refiere exclusivamente a las bases de datos, archivos e informaci\u00f3n que contenga datos personales susceptibles de tratamiento.<\/p>\n\n\n\n<p>\u2022&nbsp;&nbsp;&nbsp;&nbsp;&nbsp;&nbsp;&nbsp; Propender por hacer efectiva la garant\u00eda constitucional de protecci\u00f3n a la intimidad personal y familiar de todos los empleados, proveedores y clientes, estableciendo instrumentos y controles de cara a dar un tratamiento adecuado a la informaci\u00f3n que administra.<\/p>\n\n\n\n<p>La presente pol\u00edtica establece los t\u00e9rminos, condiciones y finalidades bajo las cuales <strong>JAN TRAVEL S.A.S<\/strong> como responsable de los datos personales obtenidos a trav\u00e9s de sus distintos medios, trata la informaci\u00f3n de todas las personas que en alg\u00fan momento por razones de la actividad que desarrolla nuestra compa\u00f1\u00eda, hayan suministrado datos personales (en adelante \u201cTitular del dato\u201d).<\/p>\n\n\n\n<p>Los presentes t\u00e9rminos y condiciones aplican para cualquier registro de datos personales realizado en forma presencial y\/o virtual para la vinculaci\u00f3n&nbsp; de cualquier persona o clientes a la compa\u00f1\u00eda<\/p>\n\n\n\n<p><strong>I.&nbsp;&nbsp;&nbsp;&nbsp;&nbsp;&nbsp;&nbsp; Recolecci\u00f3n y Almacenamiento de sus datos personales<\/strong><\/p>\n\n\n\n<p><strong>JAN TRAVEL S.A.S <\/strong>solicitar\u00e1 los datos necesarios para la prestaci\u00f3n del servicio, adquisici\u00f3n de productos e interacci\u00f3n con sus empleados y proveedores.<\/p>\n\n\n\n<p>Se ha informado a nuestros empleados, clientes y proveedores que una vez suministrados sus datos personales, de manera voluntaria y libre, ser\u00e1n almacenados en la base de datos pertinentes de acuerdo al servicio o producto adquirido.<\/p>\n\n\n\n<p>Las bases de datos se encuentran en archivos&nbsp; de <strong>JAN TRAVEL S.A.S<\/strong>, est\u00e1n protegidos f\u00edsicamente en un lugar seguro. S\u00f3lo personal autorizado puede acceder a \u00e9l.<\/p>\n\n\n\n<p><strong>II.&nbsp;&nbsp;&nbsp;&nbsp;&nbsp;&nbsp; Tratamiento y finalidad de los datos<\/strong><\/p>\n\n\n\n<p>El titular del dato registra o entrega su informaci\u00f3n de manera libre, espont\u00e1nea y voluntaria, reconoce que ha le\u00eddo y acepta expresamente los presentes t\u00e9rminos y condiciones.<\/p>\n\n\n\n<p>Los datos ingresan a una base de datos que reposa en el archivo general de la compa\u00f1\u00eda. <strong>JAN TRAVEL S.A.S<\/strong>quien garantiza que la infraestructura usada es la apropiada para almacenar&nbsp; y manejar de una forma segura y confiable la informaci\u00f3n de quienes le entregan sus datos personales.<\/p>\n\n\n\n<p><strong>JAN TRAVEL S.A.S<\/strong>. Informar\u00e1 las reglas aplicables al Tratamiento de los Datos Personales que suministren los Colaboradores y solicitar\u00e1 la correspondiente autorizaci\u00f3n para la aplicaci\u00f3n del Tratamiento a sus Datos Personales.<\/p>\n\n\n\n<p>El uso de la informaci\u00f3n de los empleados para fines diferentes a la administraci\u00f3n de la relaci\u00f3n contractual, est\u00e1 prohibido en <strong>JAN TRAVEL S.A.S<\/strong> El uso diferente de los Datos e informaci\u00f3n personal de los Colaboradores solo proceder\u00e1 por orden de autoridad competente, siempre que en ella radique tal facultad.<\/p>\n\n\n\n<p><strong>A.&nbsp;&nbsp;&nbsp;&nbsp;&nbsp; Tratamiento De Datos Personales De Colaboradores<\/strong><\/p>\n\n\n\n<p>Las finalidades del tratamiento de los Datos Personales suministrados por los Colaboradores de la Compa\u00f1\u00eda, son: (i) dar cumplimiento a la ley colombiana o extranjera y las \u00f3rdenes de autoridades judiciales, administrativas o entidades privadas en ejercicio de servicios p\u00fablicos, (ii) clasificaci\u00f3n, almacenamiento, archivo de los Datos Personales, (iii) entrega de la informaci\u00f3n a terceros encargados de procesos de evaluaci\u00f3n, entrenamiento, certificaci\u00f3n, y dem\u00e1s procesos requeridos en el desarrollo de la relaci\u00f3n contractual, (iv) verificar, comparar, evaluar las competencias laborales y personales de los Colaboradores, (v) en caso de que la Compa\u00f1\u00eda contrate plataformas basadas en tecnolog\u00eda en la nube, los Datos podr\u00e1n ser transferidos a los pa\u00edses donde se encuentren los centros de Datos del proveedor del servicio, (vi) en caso de utilizar esta tecnolog\u00eda, podr\u00e1 entregar los Datos Personales al proveedor qui\u00e9n actuar\u00e1 como Encargado del Tratamiento de los mismos, (vii) emisi\u00f3n de certificaciones relativas a la relaci\u00f3n del titular del Dato con la Compa\u00f1\u00eda, (viii) env\u00edo de informaci\u00f3n a cajas de compensaci\u00f3n, AFP, ARL, (ix) entrega de Datos Personales a proveedores para programas de bienestar laboral, y (x) env\u00edo de informaci\u00f3n de inter\u00e9s.<\/p>\n\n\n\n<p><strong>JAN TRAVEL S.A.S<\/strong>podr\u00e1 consultar, comparar y evaluar toda la informaci\u00f3n que sobre el empleado se encuentre almacenada en las bases de Datos de antecedentes judiciales o de seguridad leg\u00edtimamente constituida, de naturaleza estatal o privada, nacional o extranjera, o cualquier base de Datos comercial o de servicios que permita establecer de manera integral el comportamiento que como proveedor, usuario, Cliente, garante, endosante, contribuyente y\/o como titular de servicios financieros, comerciales o de cualquier otra \u00edndole.<\/p>\n\n\n\n<p><strong>B.&nbsp;&nbsp;&nbsp;&nbsp;&nbsp;&nbsp; Tratamiento De Datos Personales De Proveedores<\/strong><\/p>\n\n\n\n<p><strong>JAN TRAVEL S.A.S<\/strong>Informar\u00e1 a los proveedores las pol\u00edticas aplicables al Tratamiento de los Datos Personales que estos suministren en cumplimiento de la relaci\u00f3n contractual y solicitar\u00e1 la correspondiente autorizaci\u00f3n para la aplicaci\u00f3n del Tratamiento a dicha informaci\u00f3n.<\/p>\n\n\n\n<p>Las finalidades del Tratamiento de los Datos Personales suministrados por los proveedores de la Compa\u00f1\u00eda, son: (i) ordenar, catalogar, clasificar, almacenar y separar la informaci\u00f3n suministrada por los proveedores para su f\u00e1cil identificaci\u00f3n, (ii) consultar, comparar y evaluar toda la informaci\u00f3n que sobre el proveedor se encuentre almacenada en las bases de Datos de antecedentes judiciales o de seguridad leg\u00edtimamente constituida, de naturaleza estatal o privada, nacional o extranjera, o cualquier base de Datos comercial o de servicios que permita establecer de manera integral el comportamiento que como proveedor, usuario, Cliente, garante, endosante, contribuyente y\/o como titular de servicios financieros, comerciales o de cualquier otra \u00edndole, (iii) analizar, procesar, evaluar, tratar o comparar la informaci\u00f3n suministrada por los proveedores, (iv) consultas en las listas para prevenci\u00f3n y control de lavado de activos y financiaci\u00f3n del terrorismo, (v) env\u00edo de informaci\u00f3n de inter\u00e9s y de invitaciones a eventos programados por la Compa\u00f1\u00eda, (vi) dar cumplimiento a la ley colombiana o extranjera y a las \u00f3rdenes de autoridades judiciales, administrativas o entidades privadas en ejercicio de servicios p\u00fablicos, en caso de que Compa\u00f1\u00eda contrate plataformas basadas en tecnolog\u00eda en la nube, los Datos podr\u00e1n ser transferidos a los pa\u00edses donde se encuentren los centros de Datos del proveedor del servicio, (vii) en caso de utilizar esta tecnolog\u00eda, podr\u00e1 entregar los Datos Personales al proveedor qui\u00e9n actuar\u00e1 como Encargado del Tratamiento de los mismos, (viii) emisi\u00f3n de certificaciones relativas a la relaci\u00f3n del titular del Dato con la Compa\u00f1\u00eda, y (ix) entrega de los Datos Personales a terceros a quienes se les encargue el Tratamiento de los mismos.<\/p>\n\n\n\n<p><strong>III.&nbsp;&nbsp;&nbsp;&nbsp; Principios para el tratamiento de datos personales<\/strong><\/p>\n\n\n\n<p>De acuerdo con la Ley 1581 de 2012 \u201cpor la cual se dictan disposiciones generales para la protecci\u00f3n de datos personales\u201d, se aplicar\u00e1n los siguientes principios el tratamiento de los datos personales, definidos acorde en la ley:<\/p>\n\n\n\n<p>\u2022&nbsp;&nbsp;&nbsp;&nbsp;&nbsp;&nbsp;&nbsp; a) Principio de legalidad en materia de tratamiento de datos<\/p>\n\n\n\n<p>\u2022&nbsp;&nbsp;&nbsp;&nbsp;&nbsp;&nbsp;&nbsp; b) Principio de finalidad<\/p>\n\n\n\n<p>\u2022&nbsp;&nbsp;&nbsp;&nbsp;&nbsp;&nbsp;&nbsp; c) Principio de libertad<\/p>\n\n\n\n<p>\u2022&nbsp;&nbsp;&nbsp;&nbsp;&nbsp;&nbsp;&nbsp; d) Principio de veracidad o calidad.<\/p>\n\n\n\n<p>\u2022&nbsp;&nbsp;&nbsp;&nbsp;&nbsp;&nbsp;&nbsp; e) Principio de transparencia<\/p>\n\n\n\n<p>\u2022&nbsp;&nbsp;&nbsp;&nbsp;&nbsp;&nbsp;&nbsp; f) Principio de acceso y circulaci\u00f3n restringida<\/p>\n\n\n\n<p>\u2022&nbsp;&nbsp;&nbsp;&nbsp;&nbsp;&nbsp;&nbsp; g) Principio de seguridad<\/p>\n\n\n\n<p>\u2022&nbsp;&nbsp;&nbsp;&nbsp;&nbsp;&nbsp;&nbsp; h) Principio de confidencialidad<\/p>\n\n\n\n<p><strong>IV.&nbsp;&nbsp;&nbsp;&nbsp; Derechos que le asisten al titular de la informaci\u00f3n<\/strong><\/p>\n\n\n\n<p>El Titular de los datos personales tendr\u00e1 los siguientes derechos:<\/p>\n\n\n\n<p>a)&nbsp;&nbsp;&nbsp;&nbsp;&nbsp;&nbsp; Conocer, actualizar y rectificar sus datos personales frente a <strong>JAN TRAVEL S.A.S<\/strong>Este derecho se podr\u00e1 ejercer, entre otros frente a datos parciales, inexactos, incompletos, fraccionados, que induzcan a error, o aquellos cuyo Tratamiento est\u00e9 expresamente prohibido o no haya sido autorizado. Puede enviar la solicitud al correo electr\u00f3nico destinado para este fin <a href=\"mailto:gerencia@agenciajantravel.com\">gerencia@agenciajantravel.com<\/a>y solicita realizar la modificaci\u00f3n o actualizaci\u00f3n de datos correspondientes, o la direcci\u00f3n de nuestro establecimiento comercial ubicada CR 29&nbsp; 9 66 , Cali- Valle a nombre \u00c1rea Administrativa&nbsp; <strong>JONATAN JESUS ALVAREZ BALLESTEROS<\/strong>, persona encargada del tratamiento de datos,<strong>JAN TRAVEL S.A.S<\/strong>, persona encargada del tratamiento de datos.<\/p>\n\n\n\n<p>b)&nbsp;&nbsp;&nbsp;&nbsp;&nbsp;&nbsp; En caso de presentarse alguna inconsistencia o de no poder realizar el procedimiento de baja o de actualizaci\u00f3n el titular podr\u00e1 enviar un mensaje&nbsp; al&nbsp; correo electr\u00f3nico&nbsp; destinado para este fin <a href=\"mailto:gerencia@agenciajantravel.com\">gerencia@agenciajantravel.com<\/a>o a&nbsp; la direcci\u00f3n de nuestro establecimiento comercial ubicada en la CR 29&nbsp; 9 66, Cali- Valle a nombre de&nbsp; <strong>JONATAN JESUS ALVAREZ BALLESTEROS<\/strong>, persona encargada del tratamiento de datos.<\/p>\n\n\n\n<p>c)&nbsp;&nbsp;&nbsp;&nbsp;&nbsp;&nbsp; manifestando la queja, la&nbsp; cual ser\u00e1 atendida&nbsp; dentro de los diez (10) d\u00edas h\u00e1biles&nbsp; y bajo las condiciones que establece el Art\u00edculo 21 del Decreto 1377 de 2013.<\/p>\n\n\n\n<p>d)&nbsp;&nbsp;&nbsp;&nbsp;&nbsp;&nbsp; Presentar ante la Superintendencia de Industria y Comercio quejas por infracciones a lo dispuesto en la ley 1581 y las dem\u00e1s normas que la modifiquen, adicionen o complementen.<\/p>\n\n\n\n<p>e)&nbsp;&nbsp;&nbsp;&nbsp;&nbsp;&nbsp; Ser informado por <strong>JAN TRAVEL S.A.S <\/strong>previa solicitud, respecto del uso que le ha dado a sus datos personales.<\/p>\n\n\n\n<p>f)&nbsp;&nbsp;&nbsp;&nbsp;&nbsp;&nbsp;&nbsp; Solicitar prueba de la autorizaci\u00f3n otorgada a la <strong>JAN TRAVEL S.A.S.<\/strong>salvo cuando expresamente se except\u00fae como requisito para el Tratamiento, de conformidad con lo previsto en el art\u00edculo 10 de la ley 1581.<\/p>\n\n\n\n<p>g)&nbsp;&nbsp;&nbsp;&nbsp;&nbsp;&nbsp; Revocar la autorizaci\u00f3n y\/o solicitar la supresi\u00f3n del dato cuando en el Tratamiento no se respeten los principios, derechos y garant\u00edas Constitucionales y legales. La revocatoria y\/o supresi\u00f3n proceder\u00e1 cuando la Superintendencia de Industria y Comercio haya determinado que en el Tratamiento el Responsable o Encargado han incurrido en conductas contrarias a la ley y a la Constituci\u00f3n.<\/p>\n\n\n\n<p>h)&nbsp;&nbsp;&nbsp;&nbsp;&nbsp;&nbsp; Acceder en forma gratuita a sus datos personales que hayan sido objeto de Tratamiento.<\/p>\n\n\n\n<p>V.&nbsp;&nbsp;&nbsp;&nbsp;&nbsp;&nbsp; Deberes de<strong>JAN TRAVEL S.A.S<\/strong>en relaci\u00f3n con el tratamiento de los datos personales.<\/p>\n\n\n\n<p><strong>JAN TRAVEL S.A.S.<\/strong> tendr\u00e1 presente, en todo momento, que los datos personales son propiedad de las personas a las que se refieren y que s\u00f3lo ellas pueden decidir sobre los mismos. En este sentido, har\u00e1 uso de ellos s\u00f3lo para aquellas finalidades para las que se encuentra facultado debidamente, y respetando en todo caso la Ley 1581 de 2012 sobre protecci\u00f3n de datos personales.<\/p>\n\n\n\n<p>De conformidad con lo establecido en el art\u00edculo 17 de la Ley 1581 de 2012,<strong>JAN TRAVEL S.A.S.<\/strong> se compromete a cumplir en forma permanente con los siguientes deberes en lo relacionado con el tratamiento de datos personales:<\/p>\n\n\n\n<p>a)&nbsp;&nbsp;&nbsp;&nbsp;&nbsp;&nbsp; Garantizar al Titular, en todo tiempo, el pleno y efectivo ejercicio del derecho de h\u00e1beas data;<\/p>\n\n\n\n<p>b)&nbsp;&nbsp;&nbsp;&nbsp;&nbsp;&nbsp; Conservar la informaci\u00f3n bajo las condiciones de seguridad necesarias para impedir su adulteraci\u00f3n, p\u00e9rdida, consulta, uso o acceso no autorizado o fraudulento;<\/p>\n\n\n\n<p>c)&nbsp;&nbsp;&nbsp;&nbsp;&nbsp;&nbsp; &nbsp; Realizar oportunamente, esto es en los t\u00e9rminos previstos en los art\u00edculos 14 y 15 de la Ley 1581 de 2012, la actualizaci\u00f3n, rectificaci\u00f3n o supresi\u00f3n de los datos;<\/p>\n\n\n\n<p>d)&nbsp;&nbsp;&nbsp;&nbsp;&nbsp;&nbsp; Tramitar las consultas y los reclamos formulados por los Titulares en los t\u00e9rminos se\u00f1alados en el art\u00edculo 14 de la Ley 1581 de 2012;<\/p>\n\n\n\n<p>e)&nbsp;&nbsp;&nbsp;&nbsp;&nbsp;&nbsp; Abstenerse de circular informaci\u00f3n que est\u00e9 siendo controvertida por el Titular y cuyo bloqueo haya sido ordenado por la Superintendencia de Industria y Comercio;&nbsp;&nbsp;&nbsp;&nbsp;<\/p>\n\n\n\n<p>f)&nbsp;&nbsp;&nbsp;&nbsp;&nbsp;&nbsp;&nbsp; Permitir el acceso a la informaci\u00f3n \u00fanicamente a las personas que pueden tener acceso a ella;<\/p>\n\n\n\n<p>g)&nbsp;&nbsp;&nbsp;&nbsp;&nbsp;&nbsp; Informar a la Superintendencia de Industria y Comercio cuando se presenten violaciones a los c\u00f3digos de seguridad y existan riesgos en la administraci\u00f3n de la informaci\u00f3n de los Titulares;<\/p>\n\n\n\n<p>h)&nbsp;&nbsp;&nbsp;&nbsp;&nbsp;&nbsp; Cumplir las instrucciones y requerimientos que imparta la Superintendencia de Industria y Comercio.&nbsp;&nbsp;&nbsp;&nbsp;&nbsp;&nbsp;&nbsp;&nbsp;&nbsp;&nbsp;&nbsp;&nbsp;&nbsp;&nbsp;<\/p>\n\n\n\n<p><strong>VI.&nbsp;&nbsp;&nbsp;&nbsp; Vigencia de la pol\u00edtica de tratamiento de datos personales<\/strong><\/p>\n\n\n\n<p>La vigencia de la Pol\u00edtica de Tratamiento de la informaci\u00f3n empieza a regir a partir del (02) de enero&nbsp; de 2017 y el per\u00edodo de vigencia de las bases de datos es indefinido.<\/p>","protected":false},"excerpt":{"rendered":"<p>En cumplimiento a su deber legal de Tratamiento de Datos Personales e Informaci\u00f3n (en adelante la \u201cJAN TRAVEL SAS\u201d), tiene como objetivo: \u2022&nbsp;&nbsp;&nbsp;&nbsp;&nbsp;&nbsp;&nbsp; Implementar las disposiciones contenidas en la Ley 1581 de 2012 y en el Decreto 1377 de 2013 en lo que se refiere exclusivamente a las bases de datos, archivos e informaci\u00f3n que [&hellip;]<\/p>","protected":false},"author":1,"featured_media":0,"parent":0,"menu_order":0,"comment_status":"closed","ping_status":"closed","template":"","meta":{"_acf_changed":false,"_monsterinsights_skip_tracking":false,"_monsterinsights_sitenote_active":false,"_monsterinsights_sitenote_note":"","_monsterinsights_sitenote_category":0,"_joinchat":[],"footnotes":""},"class_list":["post-825","page","type-page","status-publish","hentry"],"acf":[],"yoast_head":"<!-- This site is optimized with the Yoast SEO plugin v26.7 - https:\/\/yoast.com\/wordpress\/plugins\/seo\/ -->\n<title>POL\u00cdTICA\u00a0 DE TRATAMIENTO DE DATOS - Agencia de Viajes Jan Travel<\/title>\n<meta name=\"robots\" content=\"index, follow, max-snippet:-1, max-image-preview:large, max-video-preview:-1\" \/>\n<link rel=\"canonical\" href=\"https:\/\/agenciajantravel.com\/en\/politica-de-tratamiento-de-datos\/\" \/>\n<meta property=\"og:locale\" content=\"en_US\" \/>\n<meta property=\"og:type\" content=\"article\" \/>\n<meta property=\"og:title\" content=\"POL\u00cdTICA\u00a0 DE TRATAMIENTO DE DATOS - Agencia de Viajes Jan Travel\" \/>\n<meta property=\"og:description\" content=\"En cumplimiento a su deber legal de Tratamiento de Datos Personales e Informaci\u00f3n (en adelante la \u201cJAN TRAVEL SAS\u201d), tiene como objetivo: \u2022&nbsp;&nbsp;&nbsp;&nbsp;&nbsp;&nbsp;&nbsp; Implementar las disposiciones contenidas en la Ley 1581 de 2012 y en el Decreto 1377 de 2013 en lo que se refiere exclusivamente a las bases de datos, archivos e informaci\u00f3n que [&hellip;]\" \/>\n<meta property=\"og:url\" content=\"https:\/\/agenciajantravel.com\/en\/politica-de-tratamiento-de-datos\/\" \/>\n<meta property=\"og:site_name\" content=\"Agencia de Viajes Jan Travel\" \/>\n<meta property=\"article:modified_time\" content=\"2024-03-06T21:40:24+00:00\" \/>\n<meta name=\"twitter:card\" content=\"summary_large_image\" \/>\n<meta name=\"twitter:label1\" content=\"Est. reading time\" \/>\n\t<meta name=\"twitter:data1\" content=\"9 minutes\" \/>\n<script type=\"application\/ld+json\" class=\"yoast-schema-graph\">{\"@context\":\"https:\/\/schema.org\",\"@graph\":[{\"@type\":\"WebPage\",\"@id\":\"https:\/\/agenciajantravel.com\/politica-de-tratamiento-de-datos\/\",\"url\":\"https:\/\/agenciajantravel.com\/politica-de-tratamiento-de-datos\/\",\"name\":\"POL\u00cdTICA\u00a0 DE TRATAMIENTO DE DATOS - Agencia de Viajes Jan Travel\",\"isPartOf\":{\"@id\":\"https:\/\/agenciajantravel.com\/#website\"},\"datePublished\":\"2024-03-06T21:40:05+00:00\",\"dateModified\":\"2024-03-06T21:40:24+00:00\",\"breadcrumb\":{\"@id\":\"https:\/\/agenciajantravel.com\/politica-de-tratamiento-de-datos\/#breadcrumb\"},\"inLanguage\":\"en-US\",\"potentialAction\":[{\"@type\":\"ReadAction\",\"target\":[\"https:\/\/agenciajantravel.com\/politica-de-tratamiento-de-datos\/\"]}]},{\"@type\":\"BreadcrumbList\",\"@id\":\"https:\/\/agenciajantravel.com\/politica-de-tratamiento-de-datos\/#breadcrumb\",\"itemListElement\":[{\"@type\":\"ListItem\",\"position\":1,\"name\":\"Portada\",\"item\":\"https:\/\/agenciajantravel.com\/\"},{\"@type\":\"ListItem\",\"position\":2,\"name\":\"POL\u00cdTICA\u00a0 DE TRATAMIENTO DE DATOS\"}]},{\"@type\":\"WebSite\",\"@id\":\"https:\/\/agenciajantravel.com\/#website\",\"url\":\"https:\/\/agenciajantravel.com\/\",\"name\":\"Agencia de Viajes Jan Travel\",\"description\":\"Viaja, disfruta y vive una vida sin fronteras\",\"publisher\":{\"@id\":\"https:\/\/agenciajantravel.com\/#organization\"},\"potentialAction\":[{\"@type\":\"SearchAction\",\"target\":{\"@type\":\"EntryPoint\",\"urlTemplate\":\"https:\/\/agenciajantravel.com\/?s={search_term_string}\"},\"query-input\":{\"@type\":\"PropertyValueSpecification\",\"valueRequired\":true,\"valueName\":\"search_term_string\"}}],\"inLanguage\":\"en-US\"},{\"@type\":\"Organization\",\"@id\":\"https:\/\/agenciajantravel.com\/#organization\",\"name\":\"Agencia de Viajes Jan Travel\",\"url\":\"https:\/\/agenciajantravel.com\/\",\"logo\":{\"@type\":\"ImageObject\",\"inLanguage\":\"en-US\",\"@id\":\"https:\/\/agenciajantravel.com\/#\/schema\/logo\/image\/\",\"url\":\"https:\/\/agenciajantravel.com\/wp-content\/uploads\/2024\/02\/Logo-Jan-Travel-Nuevo-1.webp\",\"contentUrl\":\"https:\/\/agenciajantravel.com\/wp-content\/uploads\/2024\/02\/Logo-Jan-Travel-Nuevo-1.webp\",\"width\":455,\"height\":180,\"caption\":\"Agencia de Viajes Jan Travel\"},\"image\":{\"@id\":\"https:\/\/agenciajantravel.com\/#\/schema\/logo\/image\/\"}}]}<\/script>\n<!-- \/ Yoast SEO plugin. -->","yoast_head_json":{"title":"POL\u00cdTICA\u00a0 DE TRATAMIENTO DE DATOS - Agencia de Viajes Jan Travel","robots":{"index":"index","follow":"follow","max-snippet":"max-snippet:-1","max-image-preview":"max-image-preview:large","max-video-preview":"max-video-preview:-1"},"canonical":"https:\/\/agenciajantravel.com\/en\/politica-de-tratamiento-de-datos\/","og_locale":"en_US","og_type":"article","og_title":"POL\u00cdTICA\u00a0 DE TRATAMIENTO DE DATOS - Agencia de Viajes Jan Travel","og_description":"En cumplimiento a su deber legal de Tratamiento de Datos Personales e Informaci\u00f3n (en adelante la \u201cJAN TRAVEL SAS\u201d), tiene como objetivo: \u2022&nbsp;&nbsp;&nbsp;&nbsp;&nbsp;&nbsp;&nbsp; Implementar las disposiciones contenidas en la Ley 1581 de 2012 y en el Decreto 1377 de 2013 en lo que se refiere exclusivamente a las bases de datos, archivos e informaci\u00f3n que [&hellip;]","og_url":"https:\/\/agenciajantravel.com\/en\/politica-de-tratamiento-de-datos\/","og_site_name":"Agencia de Viajes Jan Travel","article_modified_time":"2024-03-06T21:40:24+00:00","twitter_card":"summary_large_image","twitter_misc":{"Est. reading time":"9 minutes"},"schema":{"@context":"https:\/\/schema.org","@graph":[{"@type":"WebPage","@id":"https:\/\/agenciajantravel.com\/politica-de-tratamiento-de-datos\/","url":"https:\/\/agenciajantravel.com\/politica-de-tratamiento-de-datos\/","name":"POL\u00cdTICA\u00a0 DE TRATAMIENTO DE DATOS - Agencia de Viajes Jan Travel","isPartOf":{"@id":"https:\/\/agenciajantravel.com\/#website"},"datePublished":"2024-03-06T21:40:05+00:00","dateModified":"2024-03-06T21:40:24+00:00","breadcrumb":{"@id":"https:\/\/agenciajantravel.com\/politica-de-tratamiento-de-datos\/#breadcrumb"},"inLanguage":"en-US","potentialAction":[{"@type":"ReadAction","target":["https:\/\/agenciajantravel.com\/politica-de-tratamiento-de-datos\/"]}]},{"@type":"BreadcrumbList","@id":"https:\/\/agenciajantravel.com\/politica-de-tratamiento-de-datos\/#breadcrumb","itemListElement":[{"@type":"ListItem","position":1,"name":"Portada","item":"https:\/\/agenciajantravel.com\/"},{"@type":"ListItem","position":2,"name":"POL\u00cdTICA\u00a0 DE TRATAMIENTO DE DATOS"}]},{"@type":"WebSite","@id":"https:\/\/agenciajantravel.com\/#website","url":"https:\/\/agenciajantravel.com\/","name":"Agencia de Viajes Jan Travel","description":"Travel, enjoy and live a life without frontiers","publisher":{"@id":"https:\/\/agenciajantravel.com\/#organization"},"potentialAction":[{"@type":"SearchAction","target":{"@type":"EntryPoint","urlTemplate":"https:\/\/agenciajantravel.com\/?s={search_term_string}"},"query-input":{"@type":"PropertyValueSpecification","valueRequired":true,"valueName":"search_term_string"}}],"inLanguage":"en-US"},{"@type":"Organization","@id":"https:\/\/agenciajantravel.com\/#organization","name":"Agencia de Viajes Jan Travel","url":"https:\/\/agenciajantravel.com\/","logo":{"@type":"ImageObject","inLanguage":"en-US","@id":"https:\/\/agenciajantravel.com\/#\/schema\/logo\/image\/","url":"https:\/\/agenciajantravel.com\/wp-content\/uploads\/2024\/02\/Logo-Jan-Travel-Nuevo-1.webp","contentUrl":"https:\/\/agenciajantravel.com\/wp-content\/uploads\/2024\/02\/Logo-Jan-Travel-Nuevo-1.webp","width":455,"height":180,"caption":"Agencia de Viajes Jan Travel"},"image":{"@id":"https:\/\/agenciajantravel.com\/#\/schema\/logo\/image\/"}}]}},"_links":{"self":[{"href":"https:\/\/agenciajantravel.com\/en\/wp-json\/wp\/v2\/pages\/825","targetHints":{"allow":["GET"]}}],"collection":[{"href":"https:\/\/agenciajantravel.com\/en\/wp-json\/wp\/v2\/pages"}],"about":[{"href":"https:\/\/agenciajantravel.com\/en\/wp-json\/wp\/v2\/types\/page"}],"author":[{"embeddable":true,"href":"https:\/\/agenciajantravel.com\/en\/wp-json\/wp\/v2\/users\/1"}],"replies":[{"embeddable":true,"href":"https:\/\/agenciajantravel.com\/en\/wp-json\/wp\/v2\/comments?post=825"}],"version-history":[{"count":0,"href":"https:\/\/agenciajantravel.com\/en\/wp-json\/wp\/v2\/pages\/825\/revisions"}],"wp:attachment":[{"href":"https:\/\/agenciajantravel.com\/en\/wp-json\/wp\/v2\/media?parent=825"}],"curies":[{"name":"wp","href":"https:\/\/api.w.org\/{rel}","templated":true}]}}