{"id":2301,"date":"2025-03-17T02:50:10","date_gmt":"2025-03-17T07:50:10","guid":{"rendered":"https:\/\/agenciajantravel.com\/?post_type=ttbm_tour&#038;p=2301"},"modified":"2025-04-24T13:21:35","modified_gmt":"2025-04-24T18:21:35","slug":"tour-nocturno","status":"publish","type":"ttbm_tour","link":"https:\/\/agenciajantravel.com\/en\/jantraveltour\/tour-nocturno\/","title":{"rendered":"TOUR NOCTURNO"},"content":{"rendered":"<p class=\"p1\"><span class=\"s1\"><b>Tour Nocturno<\/b><\/span><\/p>\n<p class=\"p2\"><span class=\"s1\"><b>Salidas PRIVADAS todos los d\u00edas.<\/b><\/span><\/p>\n<p class=\"p1\"><b>No opera:<\/b> diciembre 7 a enero 8.<\/p>\n<p class=\"p2\"><b>Duraci\u00f3n: 4 horas aprox.<\/b><\/p>\n<p class=\"p1\"><b>Incluye:<br \/>\n<\/b><span class=\"s2\">\ud83d\ude8c<\/span> Traslados en veh\u00edculos de turismo de acuerdo con el n\u00famero de pasajeros.<br \/>\n<span class=\"s2\">\ud83d\ude4b\ud83c\udffb\u200d\u2642\ufe0f<\/span> Gu\u00eda coordinador.<br \/>\n<span class=\"s2\">\ud83e\ude7a<\/span>Tarjeta de asistencia m\u00e9dica.<\/p>\n<p class=\"p1\"><span class=\"s3\"><b>Visita a los destinos destacados:<br \/>\n<\/b><\/span><span class=\"s2\">\ud83c\udf06<\/span> Segundo mirador de las Palmas: Disfruta de una vista panor\u00e1mica espectacular de la ciudad de Medell\u00edn y el valle de Aburr\u00e1.<span class=\"s3\"><br \/>\n<\/span><span class=\"s2\">\ud83d\udccc<\/span>Parque de Sabaneta: Conoce las fondas y gastronom\u00eda paisa. Pasea por el parque y disfruta de su ambiente animado y tranquilo.<span class=\"s3\"><br \/>\n<\/span><span class=\"s2\">\ud83d\udc83<\/span> Zona rosa de Medell\u00edn: Parada en el Parque Lleras y Provenza.<br \/>\n<span class=\"s2\">\ud83c\udf5c<\/span> Mercados del R\u00edo: Complejo gastron\u00f3mico donde gozar\u00e1s de m\u00fasica en vivo y visualizar\u00e1s una gran variedad de platos locales e internacionales.<br \/>\n<span class=\"s2\">\ud83d\udccc<\/span>Panor\u00e1mico: Por el Parque Conmemorativo Inflexi\u00f3n, Corredor tur\u00edstico de la 70 y Parque de Envigado<\/p>\n<p class=\"p1\"><b>No incluye:<br \/>\n<\/b><span class=\"s2\">\ud83c\udf7d\ufe0f<\/span> Alimentaci\u00f3n no especificada.<b><br \/>\n<\/b><span class=\"s2\">\ud83d\udeab<\/span> Gastos o actividades no especificadas.<br \/>\n<span class=\"s2\">\ud83d\ude4b\ud83c\udffb\u200d\u2642\ufe0f<\/span>Gu\u00eda biling\u00fce ingl\u00e9s se incrementa el 30% de la tarifa.<\/p>\n<p class=\"p1\"><b>HORARIOS \u2013 TOUR NOCTURNO SALIDA PRIVADA<span class=\"Apple-converted-space\">\u00a0<\/span><\/b><\/p>\n<p class=\"p1\"><b>Hora de salida: 7:00 p.m.<span class=\"Apple-converted-space\">\u00a0<\/span><\/b><\/p>\n<p class=\"p1\"><b>PUNTO DE ENCUENTRO: Hoteles en Medell\u00edn (validar con el asesor si su hotel aplica o deben llegar alg\u00fan punto de encuentro)<\/b><\/p>","protected":false},"excerpt":{"rendered":"<p>Tour Nocturno Salidas PRIVADAS todos los d\u00edas. No opera: diciembre 7 a enero 8. Duraci\u00f3n: 4 horas aprox. Incluye: \ud83d\ude8c Traslados en veh\u00edculos de turismo de acuerdo con el n\u00famero de pasajeros. \ud83d\ude4b\ud83c\udffb\u200d\u2642\ufe0f Gu\u00eda coordinador. \ud83e\ude7aTarjeta de asistencia m\u00e9dica. Visita a los destinos destacados: \ud83c\udf06 Segundo mirador de las Palmas: Disfruta de una vista panor\u00e1mica [&hellip;]<\/p>","protected":false},"featured_media":1570,"template":"","ttbm_tour_cat":[115],"ttbm_org":[],"location":[],"features_list":[],"ttbm_tour_tag":[],"ttbm_tour_activities":[],"class_list":["post-2301","ttbm_tour","type-ttbm_tour","status-publish","has-post-thumbnail","hentry","ttbm_tour_cat-medellin"],"acf":[],"yoast_head":"<!-- This site is optimized with the Yoast SEO plugin v26.7 - https:\/\/yoast.com\/wordpress\/plugins\/seo\/ -->\n<title>TOUR NOCTURNO - Agencia de Viajes Jan Travel<\/title>\n<meta name=\"robots\" content=\"index, follow, max-snippet:-1, max-image-preview:large, max-video-preview:-1\" \/>\n<link rel=\"canonical\" href=\"https:\/\/agenciajantravel.com\/en\/tour\/tour-nocturno\/\" \/>\n<meta property=\"og:locale\" content=\"en_US\" \/>\n<meta property=\"og:type\" content=\"article\" \/>\n<meta property=\"og:title\" content=\"TOUR NOCTURNO - Agencia de Viajes Jan Travel\" \/>\n<meta property=\"og:description\" content=\"Tour Nocturno Salidas PRIVADAS todos los d\u00edas. No opera: diciembre 7 a enero 8. Duraci\u00f3n: 4 horas aprox. Incluye: \ud83d\ude8c Traslados en veh\u00edculos de turismo de acuerdo con el n\u00famero de pasajeros. \ud83d\ude4b\ud83c\udffb\u200d\u2642\ufe0f Gu\u00eda coordinador. \ud83e\ude7aTarjeta de asistencia m\u00e9dica. Visita a los destinos destacados: \ud83c\udf06 Segundo mirador de las Palmas: Disfruta de una vista panor\u00e1mica [&hellip;]\" \/>\n<meta property=\"og:url\" content=\"https:\/\/agenciajantravel.com\/en\/tour\/tour-nocturno\/\" \/>\n<meta property=\"og:site_name\" content=\"Agencia de Viajes Jan Travel\" \/>\n<meta property=\"article:modified_time\" content=\"2025-04-24T18:21:35+00:00\" \/>\n<meta property=\"og:image\" content=\"https:\/\/agenciajantravel.com\/wp-content\/uploads\/2025\/01\/medellin-antioqua.webp\" \/>\n\t<meta property=\"og:image:width\" content=\"736\" \/>\n\t<meta property=\"og:image:height\" content=\"736\" \/>\n\t<meta property=\"og:image:type\" content=\"image\/webp\" \/>\n<meta name=\"twitter:card\" content=\"summary_large_image\" \/>\n<meta name=\"twitter:label1\" content=\"Est. reading time\" \/>\n\t<meta name=\"twitter:data1\" content=\"2 minutes\" \/>\n<script type=\"application\/ld+json\" class=\"yoast-schema-graph\">{\"@context\":\"https:\/\/schema.org\",\"@graph\":[{\"@type\":\"WebPage\",\"@id\":\"https:\/\/agenciajantravel.com\/tour\/tour-nocturno\/\",\"url\":\"https:\/\/agenciajantravel.com\/tour\/tour-nocturno\/\",\"name\":\"TOUR NOCTURNO - Agencia de Viajes Jan Travel\",\"isPartOf\":{\"@id\":\"https:\/\/agenciajantravel.com\/#website\"},\"primaryImageOfPage\":{\"@id\":\"https:\/\/agenciajantravel.com\/tour\/tour-nocturno\/#primaryimage\"},\"image\":{\"@id\":\"https:\/\/agenciajantravel.com\/tour\/tour-nocturno\/#primaryimage\"},\"thumbnailUrl\":\"https:\/\/agenciajantravel.com\/wp-content\/uploads\/2025\/01\/medellin-antioqua.webp\",\"datePublished\":\"2025-03-17T07:50:10+00:00\",\"dateModified\":\"2025-04-24T18:21:35+00:00\",\"breadcrumb\":{\"@id\":\"https:\/\/agenciajantravel.com\/tour\/tour-nocturno\/#breadcrumb\"},\"inLanguage\":\"en-US\",\"potentialAction\":[{\"@type\":\"ReadAction\",\"target\":[\"https:\/\/agenciajantravel.com\/tour\/tour-nocturno\/\"]}]},{\"@type\":\"ImageObject\",\"inLanguage\":\"en-US\",\"@id\":\"https:\/\/agenciajantravel.com\/tour\/tour-nocturno\/#primaryimage\",\"url\":\"https:\/\/agenciajantravel.com\/wp-content\/uploads\/2025\/01\/medellin-antioqua.webp\",\"contentUrl\":\"https:\/\/agenciajantravel.com\/wp-content\/uploads\/2025\/01\/medellin-antioqua.webp\",\"width\":736,\"height\":736},{\"@type\":\"BreadcrumbList\",\"@id\":\"https:\/\/agenciajantravel.com\/tour\/tour-nocturno\/#breadcrumb\",\"itemListElement\":[{\"@type\":\"ListItem\",\"position\":1,\"name\":\"Portada\",\"item\":\"https:\/\/agenciajantravel.com\/\"},{\"@type\":\"ListItem\",\"position\":2,\"name\":\"Tour\",\"item\":\"https:\/\/agenciajantravel.com\/tour\/\"},{\"@type\":\"ListItem\",\"position\":3,\"name\":\"TOUR NOCTURNO\"}]},{\"@type\":\"WebSite\",\"@id\":\"https:\/\/agenciajantravel.com\/#website\",\"url\":\"https:\/\/agenciajantravel.com\/\",\"name\":\"Agencia de Viajes Jan Travel\",\"description\":\"Viaja, disfruta y vive una vida sin fronteras\",\"publisher\":{\"@id\":\"https:\/\/agenciajantravel.com\/#organization\"},\"potentialAction\":[{\"@type\":\"SearchAction\",\"target\":{\"@type\":\"EntryPoint\",\"urlTemplate\":\"https:\/\/agenciajantravel.com\/?s={search_term_string}\"},\"query-input\":{\"@type\":\"PropertyValueSpecification\",\"valueRequired\":true,\"valueName\":\"search_term_string\"}}],\"inLanguage\":\"en-US\"},{\"@type\":\"Organization\",\"@id\":\"https:\/\/agenciajantravel.com\/#organization\",\"name\":\"Agencia de Viajes Jan Travel\",\"url\":\"https:\/\/agenciajantravel.com\/\",\"logo\":{\"@type\":\"ImageObject\",\"inLanguage\":\"en-US\",\"@id\":\"https:\/\/agenciajantravel.com\/#\/schema\/logo\/image\/\",\"url\":\"https:\/\/agenciajantravel.com\/wp-content\/uploads\/2024\/02\/Logo-Jan-Travel-Nuevo-1.webp\",\"contentUrl\":\"https:\/\/agenciajantravel.com\/wp-content\/uploads\/2024\/02\/Logo-Jan-Travel-Nuevo-1.webp\",\"width\":455,\"height\":180,\"caption\":\"Agencia de Viajes Jan Travel\"},\"image\":{\"@id\":\"https:\/\/agenciajantravel.com\/#\/schema\/logo\/image\/\"}}]}<\/script>\n<!-- \/ Yoast SEO plugin. -->","yoast_head_json":{"title":"TOUR NOCTURNO - Agencia de Viajes Jan Travel","robots":{"index":"index","follow":"follow","max-snippet":"max-snippet:-1","max-image-preview":"max-image-preview:large","max-video-preview":"max-video-preview:-1"},"canonical":"https:\/\/agenciajantravel.com\/en\/tour\/tour-nocturno\/","og_locale":"en_US","og_type":"article","og_title":"TOUR NOCTURNO - Agencia de Viajes Jan Travel","og_description":"Tour Nocturno Salidas PRIVADAS todos los d\u00edas. No opera: diciembre 7 a enero 8. Duraci\u00f3n: 4 horas aprox. Incluye: \ud83d\ude8c Traslados en veh\u00edculos de turismo de acuerdo con el n\u00famero de pasajeros. \ud83d\ude4b\ud83c\udffb\u200d\u2642\ufe0f Gu\u00eda coordinador. \ud83e\ude7aTarjeta de asistencia m\u00e9dica. Visita a los destinos destacados: \ud83c\udf06 Segundo mirador de las Palmas: Disfruta de una vista panor\u00e1mica [&hellip;]","og_url":"https:\/\/agenciajantravel.com\/en\/tour\/tour-nocturno\/","og_site_name":"Agencia de Viajes Jan Travel","article_modified_time":"2025-04-24T18:21:35+00:00","og_image":[{"width":736,"height":736,"url":"https:\/\/agenciajantravel.com\/wp-content\/uploads\/2025\/01\/medellin-antioqua.webp","type":"image\/webp"}],"twitter_card":"summary_large_image","twitter_misc":{"Est. reading time":"2 minutes"},"schema":{"@context":"https:\/\/schema.org","@graph":[{"@type":"WebPage","@id":"https:\/\/agenciajantravel.com\/tour\/tour-nocturno\/","url":"https:\/\/agenciajantravel.com\/tour\/tour-nocturno\/","name":"TOUR NOCTURNO - Agencia de Viajes Jan Travel","isPartOf":{"@id":"https:\/\/agenciajantravel.com\/#website"},"primaryImageOfPage":{"@id":"https:\/\/agenciajantravel.com\/tour\/tour-nocturno\/#primaryimage"},"image":{"@id":"https:\/\/agenciajantravel.com\/tour\/tour-nocturno\/#primaryimage"},"thumbnailUrl":"https:\/\/agenciajantravel.com\/wp-content\/uploads\/2025\/01\/medellin-antioqua.webp","datePublished":"2025-03-17T07:50:10+00:00","dateModified":"2025-04-24T18:21:35+00:00","breadcrumb":{"@id":"https:\/\/agenciajantravel.com\/tour\/tour-nocturno\/#breadcrumb"},"inLanguage":"en-US","potentialAction":[{"@type":"ReadAction","target":["https:\/\/agenciajantravel.com\/tour\/tour-nocturno\/"]}]},{"@type":"ImageObject","inLanguage":"en-US","@id":"https:\/\/agenciajantravel.com\/tour\/tour-nocturno\/#primaryimage","url":"https:\/\/agenciajantravel.com\/wp-content\/uploads\/2025\/01\/medellin-antioqua.webp","contentUrl":"https:\/\/agenciajantravel.com\/wp-content\/uploads\/2025\/01\/medellin-antioqua.webp","width":736,"height":736},{"@type":"BreadcrumbList","@id":"https:\/\/agenciajantravel.com\/tour\/tour-nocturno\/#breadcrumb","itemListElement":[{"@type":"ListItem","position":1,"name":"Portada","item":"https:\/\/agenciajantravel.com\/"},{"@type":"ListItem","position":2,"name":"Tour","item":"https:\/\/agenciajantravel.com\/tour\/"},{"@type":"ListItem","position":3,"name":"TOUR NOCTURNO"}]},{"@type":"WebSite","@id":"https:\/\/agenciajantravel.com\/#website","url":"https:\/\/agenciajantravel.com\/","name":"Agencia de Viajes Jan Travel","description":"Travel, enjoy and live a life without frontiers","publisher":{"@id":"https:\/\/agenciajantravel.com\/#organization"},"potentialAction":[{"@type":"SearchAction","target":{"@type":"EntryPoint","urlTemplate":"https:\/\/agenciajantravel.com\/?s={search_term_string}"},"query-input":{"@type":"PropertyValueSpecification","valueRequired":true,"valueName":"search_term_string"}}],"inLanguage":"en-US"},{"@type":"Organization","@id":"https:\/\/agenciajantravel.com\/#organization","name":"Agencia de Viajes Jan Travel","url":"https:\/\/agenciajantravel.com\/","logo":{"@type":"ImageObject","inLanguage":"en-US","@id":"https:\/\/agenciajantravel.com\/#\/schema\/logo\/image\/","url":"https:\/\/agenciajantravel.com\/wp-content\/uploads\/2024\/02\/Logo-Jan-Travel-Nuevo-1.webp","contentUrl":"https:\/\/agenciajantravel.com\/wp-content\/uploads\/2024\/02\/Logo-Jan-Travel-Nuevo-1.webp","width":455,"height":180,"caption":"Agencia de Viajes Jan Travel"},"image":{"@id":"https:\/\/agenciajantravel.com\/#\/schema\/logo\/image\/"}}]}},"_links":{"self":[{"href":"https:\/\/agenciajantravel.com\/en\/wp-json\/wp\/v2\/ttbm_tour\/2301","targetHints":{"allow":["GET"]}}],"collection":[{"href":"https:\/\/agenciajantravel.com\/en\/wp-json\/wp\/v2\/ttbm_tour"}],"about":[{"href":"https:\/\/agenciajantravel.com\/en\/wp-json\/wp\/v2\/types\/ttbm_tour"}],"wp:featuredmedia":[{"embeddable":true,"href":"https:\/\/agenciajantravel.com\/en\/wp-json\/wp\/v2\/media\/1570"}],"wp:attachment":[{"href":"https:\/\/agenciajantravel.com\/en\/wp-json\/wp\/v2\/media?parent=2301"}],"wp:term":[{"taxonomy":"ttbm_tour_cat","embeddable":true,"href":"https:\/\/agenciajantravel.com\/en\/wp-json\/wp\/v2\/ttbm_tour_cat?post=2301"},{"taxonomy":"ttbm_tour_org","embeddable":true,"href":"https:\/\/agenciajantravel.com\/en\/wp-json\/wp\/v2\/ttbm_org?post=2301"},{"taxonomy":"ttbm_tour_location","embeddable":true,"href":"https:\/\/agenciajantravel.com\/en\/wp-json\/wp\/v2\/location?post=2301"},{"taxonomy":"ttbm_tour_features_list","embeddable":true,"href":"https:\/\/agenciajantravel.com\/en\/wp-json\/wp\/v2\/features_list?post=2301"},{"taxonomy":"ttbm_tour_tag","embeddable":true,"href":"https:\/\/agenciajantravel.com\/en\/wp-json\/wp\/v2\/ttbm_tour_tag?post=2301"},{"taxonomy":"ttbm_tour_activities","embeddable":true,"href":"https:\/\/agenciajantravel.com\/en\/wp-json\/wp\/v2\/ttbm_tour_activities?post=2301"}],"curies":[{"name":"wp","href":"https:\/\/api.w.org\/{rel}","templated":true}]}}