{"id":2378,"date":"2025-03-22T02:54:42","date_gmt":"2025-03-22T07:54:42","guid":{"rendered":"https:\/\/agenciajantravel.com\/?post_type=ttbm_tour&#038;p=2378"},"modified":"2025-04-24T13:32:20","modified_gmt":"2025-04-24T18:32:20","slug":"tour-vuelta-a-oriente","status":"publish","type":"ttbm_tour","link":"https:\/\/agenciajantravel.com\/en\/jantraveltour\/tour-vuelta-a-oriente\/","title":{"rendered":"Tour Vuelta a Oriente"},"content":{"rendered":"<p class=\"p1\">(El Retiro, La Ceja, San Antonio de Pereira, El Carmen de Viboral).<\/p>\n<p class=\"p1\">Salidas compartidas todos los jueves y domingos.<\/p>\n<p class=\"p1\">Valores:<\/p>\n<p class=\"p1\">Ni\u00f1os de 0 a 2 a\u00f1os: $ 30.000 (solo cubre la asistencia m\u00e9dica)<\/p>\n<p class=\"p1\">Incluye:<br \/>\n<span class=\"s1\">\ud83d\ude8c<\/span>Transporte en veh\u00edculos seguros seg\u00fan el n\u00famero de personas.<br \/>\n<span class=\"s1\">\ud83c\udf07<\/span>Descubre la belleza de los pueblos por su arquitectura e historia: El Retiro, La Ceja, San Antonio de Pereira y El Carmen de Viboral.<br \/>\n<span class=\"s1\">\ud83c\udf7d\ufe0f<\/span>Tomar\u00e1s un delicioso almuerzo lo mejor de la gastronom\u00eda t\u00edpica antioque\u00f1a.<br \/>\n<span class=\"s1\">\u2695\ufe0f<\/span>Marav\u00edllate con las tiendas maderables en El Retiro, el sabor y textura de los postres en San Antonio de Pereira y las tiendas de loza en El Carmen de Viboral.<br \/>\n<span class=\"s1\">\ud83d\udca7<\/span>Enam\u00f3rate del Salto del Tequendamita donde encontraras tranquilidad y conexi\u00f3n con la naturaleza.<br \/>\n<span class=\"s1\">\ud83d\ude4b\ud83c\udffb\u200d\u2642\ufe0f<\/span>Gu\u00eda acompa\u00f1ante o gu\u00eda conductor para la experiencia.<br \/>\n<span class=\"s1\">\ud83d\ude91<\/span>Tarjeta de asistencia m\u00e9dica.<br \/>\n<span class=\"s1\">\ud83d\udc68<\/span>\u200d<span class=\"s1\">\ud83d\udc69<\/span>\u200d<span class=\"s1\">\ud83d\udc66<\/span>\u200d<span class=\"s1\">\ud83d\udc66<\/span>Ambiente familiar<\/p>\n<p class=\"p1\">No incluye:<br \/>\n<span class=\"s1\">\ud83c\udf7d\ufe0f<\/span> Alimentaci\u00f3n no especificada.<br \/>\n<span class=\"s1\">\ud83d\udeab<\/span> Gastos o actividades no especificadas.<\/p>\n<p class=\"p1\"><span class=\"s1\"><b>HORARIOS: &#8211; TOUR VUELTA AL ORIENTE<\/b><\/span><\/p>\n<p class=\"p1\">\n<b>Hora de salida: 7:30 am<span class=\"Apple-converted-space\">\u00a0<\/span><\/b><\/p>\n<p class=\"p1\"><b>Punto de encuentro: C\u00e1mara de Comercio de Medell\u00edn ubicada en la Carrera 46 # 52-82 de la Avenida Oriental.<\/b><span class=\"Apple-converted-space\">\u00a0<\/span><\/p>\n<p><img fetchpriority=\"high\" decoding=\"async\" class=\"alignnone size-medium wp-image-2722\" src=\"https:\/\/agenciajantravel.com\/wp-content\/uploads\/2025\/03\/La-Ceja-3-1-scaled-2-200x300.jpg\" alt=\"\" width=\"200\" height=\"300\" srcset=\"https:\/\/agenciajantravel.com\/wp-content\/uploads\/2025\/03\/La-Ceja-3-1-scaled-2-200x300.jpg 200w, https:\/\/agenciajantravel.com\/wp-content\/uploads\/2025\/03\/La-Ceja-3-1-scaled-2-683x1024.jpg 683w, https:\/\/agenciajantravel.com\/wp-content\/uploads\/2025\/03\/La-Ceja-3-1-scaled-2-768x1151.jpg 768w, https:\/\/agenciajantravel.com\/wp-content\/uploads\/2025\/03\/La-Ceja-3-1-scaled-2-1025x1536.jpg 1025w, https:\/\/agenciajantravel.com\/wp-content\/uploads\/2025\/03\/La-Ceja-3-1-scaled-2-1366x2048.jpg 1366w, https:\/\/agenciajantravel.com\/wp-content\/uploads\/2025\/03\/La-Ceja-3-1-scaled-2-8x12.jpg 8w, https:\/\/agenciajantravel.com\/wp-content\/uploads\/2025\/03\/La-Ceja-3-1-scaled-2-600x899.jpg 600w, https:\/\/agenciajantravel.com\/wp-content\/uploads\/2025\/03\/La-Ceja-3-1-scaled-2-64x96.jpg 64w, https:\/\/agenciajantravel.com\/wp-content\/uploads\/2025\/03\/La-Ceja-3-1-scaled-2.jpg 1708w\" sizes=\"(max-width: 200px) 100vw, 200px\" \/><img decoding=\"async\" class=\"alignnone size-medium wp-image-2723\" src=\"https:\/\/agenciajantravel.com\/wp-content\/uploads\/2025\/03\/El-Retiro-1-2-300x200.jpg\" alt=\"\" width=\"300\" height=\"200\" srcset=\"https:\/\/agenciajantravel.com\/wp-content\/uploads\/2025\/03\/El-Retiro-1-2-300x200.jpg 300w, https:\/\/agenciajantravel.com\/wp-content\/uploads\/2025\/03\/El-Retiro-1-2-1024x683.jpg 1024w, https:\/\/agenciajantravel.com\/wp-content\/uploads\/2025\/03\/El-Retiro-1-2-768x512.jpg 768w, https:\/\/agenciajantravel.com\/wp-content\/uploads\/2025\/03\/El-Retiro-1-2-1536x1025.jpg 1536w, https:\/\/agenciajantravel.com\/wp-content\/uploads\/2025\/03\/El-Retiro-1-2-2048x1366.jpg 2048w, https:\/\/agenciajantravel.com\/wp-content\/uploads\/2025\/03\/El-Retiro-1-2-18x12.jpg 18w, https:\/\/agenciajantravel.com\/wp-content\/uploads\/2025\/03\/El-Retiro-1-2-600x400.jpg 600w, https:\/\/agenciajantravel.com\/wp-content\/uploads\/2025\/03\/El-Retiro-1-2-64x43.jpg 64w\" sizes=\"(max-width: 300px) 100vw, 300px\" \/><\/p>","protected":false},"excerpt":{"rendered":"<p>(El Retiro, La Ceja, San Antonio de Pereira, El Carmen de Viboral). Salidas compartidas todos los jueves y domingos. Valores: Ni\u00f1os de 0 a 2 a\u00f1os: $ 30.000 (solo cubre la asistencia m\u00e9dica) Incluye: \ud83d\ude8cTransporte en veh\u00edculos seguros seg\u00fan el n\u00famero de personas. \ud83c\udf07Descubre la belleza de los pueblos por su arquitectura e historia: El [&hellip;]<\/p>","protected":false},"featured_media":2724,"template":"","ttbm_tour_cat":[115],"ttbm_org":[],"location":[],"features_list":[],"ttbm_tour_tag":[],"ttbm_tour_activities":[],"class_list":["post-2378","ttbm_tour","type-ttbm_tour","status-publish","has-post-thumbnail","hentry","ttbm_tour_cat-medellin"],"acf":[],"yoast_head":"<!-- This site is optimized with the Yoast SEO plugin v26.7 - https:\/\/yoast.com\/wordpress\/plugins\/seo\/ -->\n<title>Tour Vuelta a Oriente - Agencia de Viajes Jan Travel<\/title>\n<meta name=\"robots\" content=\"index, follow, max-snippet:-1, max-image-preview:large, max-video-preview:-1\" \/>\n<link rel=\"canonical\" href=\"https:\/\/agenciajantravel.com\/en\/tour\/tour-vuelta-a-oriente\/\" \/>\n<meta property=\"og:locale\" content=\"en_US\" \/>\n<meta property=\"og:type\" content=\"article\" \/>\n<meta property=\"og:title\" content=\"Tour Vuelta a Oriente - Agencia de Viajes Jan Travel\" \/>\n<meta property=\"og:description\" content=\"(El Retiro, La Ceja, San Antonio de Pereira, El Carmen de Viboral). Salidas compartidas todos los jueves y domingos. Valores: Ni\u00f1os de 0 a 2 a\u00f1os: $ 30.000 (solo cubre la asistencia m\u00e9dica) Incluye: \ud83d\ude8cTransporte en veh\u00edculos seguros seg\u00fan el n\u00famero de personas. \ud83c\udf07Descubre la belleza de los pueblos por su arquitectura e historia: El [&hellip;]\" \/>\n<meta property=\"og:url\" content=\"https:\/\/agenciajantravel.com\/en\/tour\/tour-vuelta-a-oriente\/\" \/>\n<meta property=\"og:site_name\" content=\"Agencia de Viajes Jan Travel\" \/>\n<meta property=\"article:modified_time\" content=\"2025-04-24T18:32:20+00:00\" \/>\n<meta property=\"og:image\" content=\"https:\/\/agenciajantravel.com\/wp-content\/uploads\/2025\/03\/JPT5464-scaled-1.jpg\" \/>\n\t<meta property=\"og:image:width\" content=\"2560\" \/>\n\t<meta property=\"og:image:height\" content=\"1708\" \/>\n\t<meta property=\"og:image:type\" content=\"image\/jpeg\" \/>\n<meta name=\"twitter:card\" content=\"summary_large_image\" \/>\n<meta name=\"twitter:label1\" content=\"Est. reading time\" \/>\n\t<meta name=\"twitter:data1\" content=\"2 minutes\" \/>\n<script type=\"application\/ld+json\" class=\"yoast-schema-graph\">{\"@context\":\"https:\/\/schema.org\",\"@graph\":[{\"@type\":\"WebPage\",\"@id\":\"https:\/\/agenciajantravel.com\/tour\/tour-vuelta-a-oriente\/\",\"url\":\"https:\/\/agenciajantravel.com\/tour\/tour-vuelta-a-oriente\/\",\"name\":\"Tour Vuelta a Oriente - Agencia de Viajes Jan Travel\",\"isPartOf\":{\"@id\":\"https:\/\/agenciajantravel.com\/#website\"},\"primaryImageOfPage\":{\"@id\":\"https:\/\/agenciajantravel.com\/tour\/tour-vuelta-a-oriente\/#primaryimage\"},\"image\":{\"@id\":\"https:\/\/agenciajantravel.com\/tour\/tour-vuelta-a-oriente\/#primaryimage\"},\"thumbnailUrl\":\"https:\/\/agenciajantravel.com\/wp-content\/uploads\/2025\/03\/JPT5464-scaled-1.jpg\",\"datePublished\":\"2025-03-22T07:54:42+00:00\",\"dateModified\":\"2025-04-24T18:32:20+00:00\",\"breadcrumb\":{\"@id\":\"https:\/\/agenciajantravel.com\/tour\/tour-vuelta-a-oriente\/#breadcrumb\"},\"inLanguage\":\"en-US\",\"potentialAction\":[{\"@type\":\"ReadAction\",\"target\":[\"https:\/\/agenciajantravel.com\/tour\/tour-vuelta-a-oriente\/\"]}]},{\"@type\":\"ImageObject\",\"inLanguage\":\"en-US\",\"@id\":\"https:\/\/agenciajantravel.com\/tour\/tour-vuelta-a-oriente\/#primaryimage\",\"url\":\"https:\/\/agenciajantravel.com\/wp-content\/uploads\/2025\/03\/JPT5464-scaled-1.jpg\",\"contentUrl\":\"https:\/\/agenciajantravel.com\/wp-content\/uploads\/2025\/03\/JPT5464-scaled-1.jpg\",\"width\":2560,\"height\":1708},{\"@type\":\"BreadcrumbList\",\"@id\":\"https:\/\/agenciajantravel.com\/tour\/tour-vuelta-a-oriente\/#breadcrumb\",\"itemListElement\":[{\"@type\":\"ListItem\",\"position\":1,\"name\":\"Portada\",\"item\":\"https:\/\/agenciajantravel.com\/\"},{\"@type\":\"ListItem\",\"position\":2,\"name\":\"Tour\",\"item\":\"https:\/\/agenciajantravel.com\/tour\/\"},{\"@type\":\"ListItem\",\"position\":3,\"name\":\"Tour Vuelta a Oriente\"}]},{\"@type\":\"WebSite\",\"@id\":\"https:\/\/agenciajantravel.com\/#website\",\"url\":\"https:\/\/agenciajantravel.com\/\",\"name\":\"Agencia de Viajes Jan Travel\",\"description\":\"Viaja, disfruta y vive una vida sin fronteras\",\"publisher\":{\"@id\":\"https:\/\/agenciajantravel.com\/#organization\"},\"potentialAction\":[{\"@type\":\"SearchAction\",\"target\":{\"@type\":\"EntryPoint\",\"urlTemplate\":\"https:\/\/agenciajantravel.com\/?s={search_term_string}\"},\"query-input\":{\"@type\":\"PropertyValueSpecification\",\"valueRequired\":true,\"valueName\":\"search_term_string\"}}],\"inLanguage\":\"en-US\"},{\"@type\":\"Organization\",\"@id\":\"https:\/\/agenciajantravel.com\/#organization\",\"name\":\"Agencia de Viajes Jan Travel\",\"url\":\"https:\/\/agenciajantravel.com\/\",\"logo\":{\"@type\":\"ImageObject\",\"inLanguage\":\"en-US\",\"@id\":\"https:\/\/agenciajantravel.com\/#\/schema\/logo\/image\/\",\"url\":\"https:\/\/agenciajantravel.com\/wp-content\/uploads\/2024\/02\/Logo-Jan-Travel-Nuevo-1.webp\",\"contentUrl\":\"https:\/\/agenciajantravel.com\/wp-content\/uploads\/2024\/02\/Logo-Jan-Travel-Nuevo-1.webp\",\"width\":455,\"height\":180,\"caption\":\"Agencia de Viajes Jan Travel\"},\"image\":{\"@id\":\"https:\/\/agenciajantravel.com\/#\/schema\/logo\/image\/\"}}]}<\/script>\n<!-- \/ Yoast SEO plugin. -->","yoast_head_json":{"title":"Tour Vuelta a Oriente - Agencia de Viajes Jan Travel","robots":{"index":"index","follow":"follow","max-snippet":"max-snippet:-1","max-image-preview":"max-image-preview:large","max-video-preview":"max-video-preview:-1"},"canonical":"https:\/\/agenciajantravel.com\/en\/tour\/tour-vuelta-a-oriente\/","og_locale":"en_US","og_type":"article","og_title":"Tour Vuelta a Oriente - Agencia de Viajes Jan Travel","og_description":"(El Retiro, La Ceja, San Antonio de Pereira, El Carmen de Viboral). Salidas compartidas todos los jueves y domingos. Valores: Ni\u00f1os de 0 a 2 a\u00f1os: $ 30.000 (solo cubre la asistencia m\u00e9dica) Incluye: \ud83d\ude8cTransporte en veh\u00edculos seguros seg\u00fan el n\u00famero de personas. \ud83c\udf07Descubre la belleza de los pueblos por su arquitectura e historia: El [&hellip;]","og_url":"https:\/\/agenciajantravel.com\/en\/tour\/tour-vuelta-a-oriente\/","og_site_name":"Agencia de Viajes Jan Travel","article_modified_time":"2025-04-24T18:32:20+00:00","og_image":[{"width":2560,"height":1708,"url":"https:\/\/agenciajantravel.com\/wp-content\/uploads\/2025\/03\/JPT5464-scaled-1.jpg","type":"image\/jpeg"}],"twitter_card":"summary_large_image","twitter_misc":{"Est. reading time":"2 minutes"},"schema":{"@context":"https:\/\/schema.org","@graph":[{"@type":"WebPage","@id":"https:\/\/agenciajantravel.com\/tour\/tour-vuelta-a-oriente\/","url":"https:\/\/agenciajantravel.com\/tour\/tour-vuelta-a-oriente\/","name":"Tour Vuelta a Oriente - Agencia de Viajes Jan Travel","isPartOf":{"@id":"https:\/\/agenciajantravel.com\/#website"},"primaryImageOfPage":{"@id":"https:\/\/agenciajantravel.com\/tour\/tour-vuelta-a-oriente\/#primaryimage"},"image":{"@id":"https:\/\/agenciajantravel.com\/tour\/tour-vuelta-a-oriente\/#primaryimage"},"thumbnailUrl":"https:\/\/agenciajantravel.com\/wp-content\/uploads\/2025\/03\/JPT5464-scaled-1.jpg","datePublished":"2025-03-22T07:54:42+00:00","dateModified":"2025-04-24T18:32:20+00:00","breadcrumb":{"@id":"https:\/\/agenciajantravel.com\/tour\/tour-vuelta-a-oriente\/#breadcrumb"},"inLanguage":"en-US","potentialAction":[{"@type":"ReadAction","target":["https:\/\/agenciajantravel.com\/tour\/tour-vuelta-a-oriente\/"]}]},{"@type":"ImageObject","inLanguage":"en-US","@id":"https:\/\/agenciajantravel.com\/tour\/tour-vuelta-a-oriente\/#primaryimage","url":"https:\/\/agenciajantravel.com\/wp-content\/uploads\/2025\/03\/JPT5464-scaled-1.jpg","contentUrl":"https:\/\/agenciajantravel.com\/wp-content\/uploads\/2025\/03\/JPT5464-scaled-1.jpg","width":2560,"height":1708},{"@type":"BreadcrumbList","@id":"https:\/\/agenciajantravel.com\/tour\/tour-vuelta-a-oriente\/#breadcrumb","itemListElement":[{"@type":"ListItem","position":1,"name":"Portada","item":"https:\/\/agenciajantravel.com\/"},{"@type":"ListItem","position":2,"name":"Tour","item":"https:\/\/agenciajantravel.com\/tour\/"},{"@type":"ListItem","position":3,"name":"Tour Vuelta a Oriente"}]},{"@type":"WebSite","@id":"https:\/\/agenciajantravel.com\/#website","url":"https:\/\/agenciajantravel.com\/","name":"Agencia de Viajes Jan Travel","description":"Travel, enjoy and live a life without frontiers","publisher":{"@id":"https:\/\/agenciajantravel.com\/#organization"},"potentialAction":[{"@type":"SearchAction","target":{"@type":"EntryPoint","urlTemplate":"https:\/\/agenciajantravel.com\/?s={search_term_string}"},"query-input":{"@type":"PropertyValueSpecification","valueRequired":true,"valueName":"search_term_string"}}],"inLanguage":"en-US"},{"@type":"Organization","@id":"https:\/\/agenciajantravel.com\/#organization","name":"Agencia de Viajes Jan Travel","url":"https:\/\/agenciajantravel.com\/","logo":{"@type":"ImageObject","inLanguage":"en-US","@id":"https:\/\/agenciajantravel.com\/#\/schema\/logo\/image\/","url":"https:\/\/agenciajantravel.com\/wp-content\/uploads\/2024\/02\/Logo-Jan-Travel-Nuevo-1.webp","contentUrl":"https:\/\/agenciajantravel.com\/wp-content\/uploads\/2024\/02\/Logo-Jan-Travel-Nuevo-1.webp","width":455,"height":180,"caption":"Agencia de Viajes Jan Travel"},"image":{"@id":"https:\/\/agenciajantravel.com\/#\/schema\/logo\/image\/"}}]}},"_links":{"self":[{"href":"https:\/\/agenciajantravel.com\/en\/wp-json\/wp\/v2\/ttbm_tour\/2378","targetHints":{"allow":["GET"]}}],"collection":[{"href":"https:\/\/agenciajantravel.com\/en\/wp-json\/wp\/v2\/ttbm_tour"}],"about":[{"href":"https:\/\/agenciajantravel.com\/en\/wp-json\/wp\/v2\/types\/ttbm_tour"}],"wp:featuredmedia":[{"embeddable":true,"href":"https:\/\/agenciajantravel.com\/en\/wp-json\/wp\/v2\/media\/2724"}],"wp:attachment":[{"href":"https:\/\/agenciajantravel.com\/en\/wp-json\/wp\/v2\/media?parent=2378"}],"wp:term":[{"taxonomy":"ttbm_tour_cat","embeddable":true,"href":"https:\/\/agenciajantravel.com\/en\/wp-json\/wp\/v2\/ttbm_tour_cat?post=2378"},{"taxonomy":"ttbm_tour_org","embeddable":true,"href":"https:\/\/agenciajantravel.com\/en\/wp-json\/wp\/v2\/ttbm_org?post=2378"},{"taxonomy":"ttbm_tour_location","embeddable":true,"href":"https:\/\/agenciajantravel.com\/en\/wp-json\/wp\/v2\/location?post=2378"},{"taxonomy":"ttbm_tour_features_list","embeddable":true,"href":"https:\/\/agenciajantravel.com\/en\/wp-json\/wp\/v2\/features_list?post=2378"},{"taxonomy":"ttbm_tour_tag","embeddable":true,"href":"https:\/\/agenciajantravel.com\/en\/wp-json\/wp\/v2\/ttbm_tour_tag?post=2378"},{"taxonomy":"ttbm_tour_activities","embeddable":true,"href":"https:\/\/agenciajantravel.com\/en\/wp-json\/wp\/v2\/ttbm_tour_activities?post=2378"}],"curies":[{"name":"wp","href":"https:\/\/api.w.org\/{rel}","templated":true}]}}